{"id":21,"date":"2023-01-30T15:54:01","date_gmt":"2023-01-30T21:54:01","guid":{"rendered":"https:\/\/redveganasantiespecistas.com\/?page_id=21"},"modified":"2025-05-09T09:32:10","modified_gmt":"2025-05-09T15:32:10","slug":"nosotras-2","status":"publish","type":"page","link":"https:\/\/redveganasantiespecistas.com\/index.php\/nosotras-2\/","title":{"rendered":"Nosotras"},"content":{"rendered":"<p>[et_pb_section fb_built=\u00bb1&#8243; fullwidth=\u00bbon\u00bb _builder_version=\u00bb4.20.2&#8243; _module_preset=\u00bbdefault\u00bb global_colors_info=\u00bb{}\u00bb][et_pb_fullwidth_image src=\u00bbhttps:\/\/redveganasantiespecistas.com\/wp-content\/uploads\/2023\/01\/\u00a1HASTA-QUE-TODOS-LOS-SERES-SEAN-LIBRES.png\u00bb title_text=\u00bb\u00a1HASTA QUE TODOS LOS SERES SEAN LIBRES!\u00bb _builder_version=\u00bb4.20.2&#8243; _module_preset=\u00bbdefault\u00bb global_colors_info=\u00bb{}\u00bb][\/et_pb_fullwidth_image][\/et_pb_section][et_pb_section fb_built=\u00bb1&#8243; admin_label=\u00bbAbout Section\u00bb _builder_version=\u00bb4.16&#8243; custom_padding=\u00bb42px|0px|42px|0px|true|false\u00bb global_colors_info=\u00bb{}\u00bb][et_pb_row column_structure=\u00bb1_2,1_2&#8243; admin_label=\u00bbAbout Row\u00bb _builder_version=\u00bb4.16&#8243; min_height=\u00bb510.8px\u00bb custom_padding=\u00bb30px|||||\u00bb global_colors_info=\u00bb{}\u00bb][et_pb_column type=\u00bb1_2&#8243; _builder_version=\u00bb4.16&#8243; custom_padding=\u00bb|||\u00bb global_colors_info=\u00bb{}\u00bb custom_padding__hover=\u00bb|||\u00bb][et_pb_image src=\u00bbhttps:\/\/redveganasantiespecistas.com\/wp-content\/uploads\/2023\/02\/LIBERACION.png\u00bb title_text=\u00bbLIBERACION\u00bb _builder_version=\u00bb4.20.2&#8243; _module_preset=\u00bbdefault\u00bb transform_scale=\u00bb106%|106%\u00bb width=\u00bb100%\u00bb max_width=\u00bb100%\u00bb global_colors_info=\u00bb{}\u00bb][\/et_pb_image][\/et_pb_column][et_pb_column type=\u00bb1_2&#8243; _builder_version=\u00bb4.20.2&#8243; _module_preset=\u00bbdefault\u00bb global_colors_info=\u00bb{}\u00bb][et_pb_text _builder_version=\u00bb4.20.4&#8243; text_font=\u00bbLora||||||||\u00bb text_font_size=\u00bb18px\u00bb text_line_height=\u00bb2em\u00bb link_font=\u00bb||||||||\u00bb ul_font=\u00bb||||||||\u00bb ol_font=\u00bb||||||||\u00bb quote_font=\u00bb||||||||\u00bb header_font=\u00bb||||||||\u00bb header_2_font=\u00bbLora|700|||||||\u00bb header_2_font_size=\u00bb50px\u00bb header_2_line_height=\u00bb1.5em\u00bb header_5_font=\u00bbOswald|||on|||||\u00bb header_5_text_color=\u00bbrgba(0,0,0,0.4)\u00bb header_5_font_size=\u00bb20px\u00bb header_5_letter_spacing=\u00bb3px\u00bb max_width=\u00bb600px\u00bb max_width_tablet=\u00bb\u00bb max_width_phone=\u00bb\u00bb max_width_last_edited=\u00bbon|phone\u00bb custom_margin_tablet=\u00bb|70px||70px\u00bb custom_margin_phone=\u00bb|50px||50px\u00bb custom_margin_last_edited=\u00bboff|desktop\u00bb text_line_height_last_edited=\u00bboff|desktop\u00bb global_colors_info=\u00bb{}\u00bb]<\/p>\n<h5>NOSOTRAS<\/h5>\n<p>Somos mujeres de distintos puntos del continente americano y con diversas formaciones, saberes y talentos, trabajando juntas para acabar con el especismo.<\/p>\n<p>[\/et_pb_text][\/et_pb_column][\/et_pb_row][\/et_pb_section][et_pb_section fb_built=\u00bb1&#8243; admin_label=\u00bbVision Section\u00bb _builder_version=\u00bb4.16&#8243; use_background_color_gradient=\u00bbon\u00bb background_color_gradient_stops=\u00bb#ffffff 50%|#232220 50%\u00bb background_color_gradient_start=\u00bb#ffffff\u00bb background_color_gradient_start_position=\u00bb50%\u00bb background_color_gradient_end=\u00bb#232220&#8243; background_color_gradient_end_position=\u00bb50%\u00bb custom_padding=\u00bb0|0px|80px|0px|false|false\u00bb global_colors_info=\u00bb{}\u00bb][et_pb_row _builder_version=\u00bb4.20.2&#8243; background_color=\u00bb#fb262e\u00bb custom_padding=\u00bb37px|40px|37px|40px|true|false\u00bb animation_style=\u00bbzoom\u00bb animation_intensity_zoom=\u00bb5%\u00bb border_radii=\u00bbon|8px|8px|8px|8px\u00bb box_shadow_style=\u00bbpreset3&#8243; box_shadow_vertical=\u00bb110px\u00bb box_shadow_blur=\u00bb80px\u00bb box_shadow_spread=\u00bb-80px\u00bb box_shadow_color=\u00bbrgba(0,0,0,0.12)\u00bb global_colors_info=\u00bb{}\u00bb][et_pb_column type=\u00bb4_4&#8243; _builder_version=\u00bb4.16&#8243; custom_padding=\u00bb|||\u00bb global_colors_info=\u00bb{}\u00bb custom_padding__hover=\u00bb|||\u00bb][et_pb_text _builder_version=\u00bb4.20.2&#8243; text_font=\u00bbLora||||||||\u00bb text_font_size=\u00bb18px\u00bb text_line_height=\u00bb2em\u00bb link_font=\u00bb||||||||\u00bb ul_font=\u00bb||||||||\u00bb ol_font=\u00bb||||||||\u00bb quote_font=\u00bb||||||||\u00bb header_font=\u00bb||||||||\u00bb header_2_font=\u00bbLora|700|||||||\u00bb header_2_font_size=\u00bb50px\u00bb header_2_line_height=\u00bb1.5em\u00bb header_5_font=\u00bbOswald|||on|||||\u00bb header_5_text_color=\u00bbrgba(255,255,255,0.4)\u00bb header_5_font_size=\u00bb20px\u00bb header_5_letter_spacing=\u00bb3px\u00bb header_5_line_height=\u00bb1.7em\u00bb text_orientation=\u00bbcenter\u00bb background_layout=\u00bbdark\u00bb max_width=\u00bb750px\u00bb module_alignment=\u00bbcenter\u00bb custom_margin=\u00bb|140px||||\u00bb custom_padding=\u00bb|||\u00bb text_line_height_last_edited=\u00bboff|desktop\u00bb header_2_font_size_tablet=\u00bb\u00bb header_2_font_size_phone=\u00bb36px\u00bb header_2_font_size_last_edited=\u00bbon|desktop\u00bb global_colors_info=\u00bb{}\u00bb]<\/p>\n<h5><span style=\"color: #ffffff;\">nuestros<\/span><\/h5>\n<h2>Valores<\/h2>\n<p><strong>Respeto, solidaridad, sororidad, justicia, libertad, empoderamiento, paciencia, compasi\u00f3n, autocuidado, reflexi\u00f3n, feminismo, colectividad, interseccionalidad, rebeld\u00eda y amor.\u00a0<\/strong><\/p>\n<p>[\/et_pb_text][\/et_pb_column][\/et_pb_row][\/et_pb_section][et_pb_section fb_built=\u00bb1&#8243; admin_label=\u00bbAccordion Section\u00bb _builder_version=\u00bb4.16&#8243; min_height=\u00bb1158.3px\u00bb custom_padding=\u00bb98px|0px|98px|0px|true|false\u00bb global_colors_info=\u00bb{}\u00bb][et_pb_row column_structure=\u00bb1_2,1_2&#8243; admin_label=\u00bbAccordion Row\u00bb _builder_version=\u00bb4.20.2&#8243; width=\u00bb100%\u00bb max_width=\u00bb100%\u00bb custom_margin=\u00bb|||\u00bb custom_padding=\u00bb||35px|||\u00bb use_custom_width=\u00bbon\u00bb width_unit=\u00bboff\u00bb custom_width_percent=\u00bb100%\u00bb global_colors_info=\u00bb{}\u00bb][et_pb_column type=\u00bb1_2&#8243; _builder_version=\u00bb4.20.2&#8243; custom_padding=\u00bb|||\u00bb custom_padding_tablet=\u00bb|10%||10%||true\u00bb custom_padding_phone=\u00bb|10%||10%||true\u00bb custom_padding_last_edited=\u00bbon|tablet\u00bb global_colors_info=\u00bb{}\u00bb padding_tablet=\u00bb|10%||10%||true\u00bb padding_last_edited=\u00bbon|tablet\u00bb custom_padding__hover=\u00bb|||\u00bb padding_phone=\u00bb|10%||10%||true\u00bb][et_pb_image src=\u00bbhttps:\/\/redveganasantiespecistas.com\/wp-content\/uploads\/2023\/03\/objetivos.jpg\u00bb title_text=\u00bbobjetivos\u00bb force_fullwidth=\u00bbon\u00bb align_tablet=\u00bbcenter\u00bb align_phone=\u00bbcenter\u00bb align_last_edited=\u00bbon|desktop\u00bb _builder_version=\u00bb4.20.2&#8243; border_radii=\u00bbon|8px|8px|8px|8px\u00bb box_shadow_style=\u00bbpreset2&#8243; box_shadow_horizontal=\u00bb-80px\u00bb box_shadow_vertical=\u00bb42px\u00bb box_shadow_blur=\u00bb80px\u00bb global_colors_info=\u00bb{}\u00bb][\/et_pb_image][\/et_pb_column][et_pb_column type=\u00bb1_2&#8243; _builder_version=\u00bb4.16&#8243; custom_padding=\u00bb|||\u00bb custom_padding_tablet=\u00bb60px|10%||10%||true\u00bb custom_padding_phone=\u00bb60px|10%||10%||true\u00bb custom_padding_last_edited=\u00bbon|tablet\u00bb global_colors_info=\u00bb{}\u00bb padding_tablet=\u00bb60px|10%||10%||true\u00bb padding_last_edited=\u00bbon|tablet\u00bb custom_padding__hover=\u00bb|||\u00bb padding_phone=\u00bb60px|10%||10%||true\u00bb][et_pb_text admin_label=\u00bbTitle\u00bb _builder_version=\u00bb4.16&#8243; text_font=\u00bbLora||||||||\u00bb text_font_size=\u00bb18px\u00bb text_line_height=\u00bb2em\u00bb link_font=\u00bb||||||||\u00bb ul_font=\u00bb||||||||\u00bb ol_font=\u00bb||||||||\u00bb quote_font=\u00bb||||||||\u00bb header_font=\u00bb||||||||\u00bb header_2_font=\u00bbLora|700|||||||\u00bb header_2_font_size=\u00bb50px\u00bb header_2_line_height=\u00bb1.5em\u00bb header_5_font=\u00bbOswald|||on|||||\u00bb header_5_text_color=\u00bbrgba(0,0,0,0.4)\u00bb header_5_font_size=\u00bb20px\u00bb header_5_letter_spacing=\u00bb3px\u00bb max_width=\u00bb600px\u00bb max_width_tablet=\u00bb\u00bb max_width_phone=\u00bb\u00bb max_width_last_edited=\u00bbon|phone\u00bb custom_margin_tablet=\u00bb|70px||70px\u00bb custom_margin_phone=\u00bb|50px||50px\u00bb custom_margin_last_edited=\u00bboff|desktop\u00bb text_line_height_last_edited=\u00bboff|desktop\u00bb global_colors_info=\u00bb{}\u00bb]<\/p>\n<h5>nuestros<\/h5>\n<h2>Objetivos<\/h2>\n<p>[\/et_pb_text][et_pb_accordion open_toggle_text_color=\u00bb#d29f68&#8243; open_toggle_background_color=\u00bb#232220&#8243; _builder_version=\u00bb4.20.2&#8243; toggle_font=\u00bbOswald|||on|||||\u00bb toggle_font_size=\u00bb15px\u00bb toggle_letter_spacing=\u00bb2px\u00bb toggle_line_height=\u00bb1.3em\u00bb body_font=\u00bbLora||||||||\u00bb body_text_color=\u00bb#ffffff\u00bb body_font_size=\u00bb18px\u00bb body_line_height=\u00bb2em\u00bb max_width=\u00bb480px\u00bb max_width_tablet=\u00bb\u00bb max_width_phone=\u00bb\u00bb max_width_last_edited=\u00bbon|desktop\u00bb custom_margin=\u00bb|||\u00bb animation_style=\u00bbslide\u00bb animation_direction=\u00bbtop\u00bb animation_intensity_slide=\u00bb5%\u00bb border_radii=\u00bbon|8px|8px|8px|8px\u00bb border_width_all=\u00bb0px\u00bb global_colors_info=\u00bb{}\u00bb][et_pb_accordion_item title=\u00bbGenerar una red de activistas\u00bb open=\u00bbon\u00bb _builder_version=\u00bb4.20.2&#8243; global_colors_info=\u00bb{}\u00bb]<\/p>\n<p>antiespecistas en M\u00e9xico y el mundo.<\/p>\n<p>[\/et_pb_accordion_item][et_pb_accordion_item title=\u00bbBuscar la liberaci\u00f3n animal \u00bb _builder_version=\u00bb4.20.2&#8243; global_colors_info=\u00bb{}\u00bb open=\u00bboff\u00bb]<\/p>\n<p>por medio de todas las acciones que seamos capaces de llevar a cabo.<\/p>\n<p>[\/et_pb_accordion_item][et_pb_accordion_item title=\u00bbVisibilizar a los animales de otras especies\u00bb _builder_version=\u00bb4.20.2&#8243; global_colors_info=\u00bb{}\u00bb open=\u00bboff\u00bb]<\/p>\n<p>su realidad y el sistema de opresi\u00f3n que los somete a los intereses humanos, con la finalidad de transformar la conciencia social a trav\u00e9s de acciones conjuntas teniendo como base la educaci\u00f3n y la concienciaci\u00f3n.<\/p>\n<p>[\/et_pb_accordion_item][et_pb_accordion_item title=\u00bbLuchar contra el prejuicio especista \u00bb _builder_version=\u00bb4.20.2&#8243; global_colors_info=\u00bb{}\u00bb open=\u00bboff\u00bb]<\/p>\n<p>as\u00ed como promover el veganismo, entendido como la cosmovisi\u00f3n seg\u00fan la cual ning\u00fan animal no humano deber\u00eda ser cosificado.<\/p>\n<p>[\/et_pb_accordion_item][et_pb_accordion_item title=\u00bbAbogar para que se reconozcan\u00bb _builder_version=\u00bb4.20.2&#8243; global_colors_info=\u00bb{}\u00bb open=\u00bboff\u00bb]<\/p>\n<p>los derechos b\u00e1sicos a los animales no humanos, tales como los son la vida, la salud o la libertad.<\/p>\n<p>[\/et_pb_accordion_item][et_pb_accordion_item title=\u00bbContribuir a la formaci\u00f3n de activistas\u00bb _builder_version=\u00bb4.20.2&#8243; _module_preset=\u00bbdefault\u00bb global_colors_info=\u00bb{}\u00bb open=\u00bboff\u00bb][\/et_pb_accordion_item][et_pb_accordion_item title=\u00bbFacilitar el desarrollo de nuevos proyectos\u00bb _builder_version=\u00bb4.20.2&#8243; _module_preset=\u00bbdefault\u00bb global_colors_info=\u00bb{}\u00bb open=\u00bboff\u00bb][\/et_pb_accordion_item][et_pb_accordion_item title=\u00bbCambiar el mundo\u00bb _builder_version=\u00bb4.20.2&#8243; _module_preset=\u00bbdefault\u00bb global_colors_info=\u00bb{}\u00bb open=\u00bboff\u00bb][\/et_pb_accordion_item][et_pb_accordion_item title=\u00bb\u00a1Acabar con el especismo!\u00bb _builder_version=\u00bb4.20.2&#8243; _module_preset=\u00bbdefault\u00bb global_colors_info=\u00bb{}\u00bb open=\u00bboff\u00bb][\/et_pb_accordion_item][\/et_pb_accordion][\/et_pb_column][\/et_pb_row][et_pb_row _builder_version=\u00bb4.22.2&#8243; _module_preset=\u00bbdefault\u00bb global_colors_info=\u00bb{}\u00bb][et_pb_column type=\u00bb4_4&#8243; _builder_version=\u00bb4.22.2&#8243; _module_preset=\u00bbdefault\u00bb global_colors_info=\u00bb{}\u00bb][et_pb_image src=\u00bbhttps:\/\/redveganasantiespecistas.com\/wp-content\/uploads\/2024\/10\/COLLAGE-RVA-corazon.png\u00bb title_text=\u00bbCOLLAGE RVA-corazon\u00bb _builder_version=\u00bb4.22.2&#8243; _module_preset=\u00bbdefault\u00bb global_colors_info=\u00bb{}\u00bb][\/et_pb_image][\/et_pb_column][\/et_pb_row][et_pb_row _builder_version=\u00bb4.22.2&#8243; _module_preset=\u00bbdefault\u00bb global_colors_info=\u00bb{}\u00bb][et_pb_column type=\u00bb4_4&#8243; _builder_version=\u00bb4.22.2&#8243; _module_preset=\u00bbdefault\u00bb global_colors_info=\u00bb{}\u00bb][et_pb_image src=\u00bbhttps:\/\/redveganasantiespecistas.com\/wp-content\/uploads\/2024\/10\/COLAGE-RVA.png\u00bb title_text=\u00bbCOLAGE RVA\u00bb _builder_version=\u00bb4.22.2&#8243; _module_preset=\u00bbdefault\u00bb global_colors_info=\u00bb{}\u00bb][\/et_pb_image][\/et_pb_column][\/et_pb_row][\/et_pb_section][et_pb_section fb_built=\u00bb1&#8243; next_background_color=\u00bb#000000&#8243; disabled_on=\u00bbon|on|on\u00bb _builder_version=\u00bb4.20.2&#8243; use_background_color_gradient=\u00bbon\u00bb background_color_gradient_stops=\u00bb#ffffff 0%|rgba(255,255,255,0) 100%\u00bb background_color_gradient_overlays_image=\u00bbon\u00bb background_color_gradient_start=\u00bb#ffffff\u00bb background_color_gradient_end=\u00bbrgba(255,255,255,0)\u00bb background_image=\u00bbhttps:\/\/redveganasantiespecistas.com\/wp-content\/uploads\/2023\/03\/vaca-blanco-negro-acostado-sobre-hierba.jpg\u00bb width=\u00bb100%\u00bb max_width=\u00bb100%\u00bb min_height=\u00bb413px\u00bb height=\u00bb945px\u00bb max_height=\u00bb1000px\u00bb custom_padding=\u00bb0|0px|400px|0px|false|false\u00bb bottom_divider_style=\u00bbramp\u00bb disabled=\u00bbon\u00bb global_colors_info=\u00bb{}\u00bb][\/et_pb_section][et_pb_section fb_built=\u00bb1&#8243; admin_label=\u00bbFooter Section\u00bb _builder_version=\u00bb4.20.2&#8243; background_color=\u00bb#000000&#8243; background_enable_image=\u00bboff\u00bb custom_padding=\u00bb18px|0px|18px|0px|true|false\u00bb saved_tabs=\u00bball\u00bb locked=\u00bboff\u00bb global_colors_info=\u00bb{}\u00bb][et_pb_row column_structure=\u00bb1_4,1_2,1_4&#8243; admin_label=\u00bbSubscribe\u00bb _builder_version=\u00bb4.16&#8243; custom_margin=\u00bb|||\u00bb custom_padding=\u00bb|||\u00bb animation_style=\u00bbzoom\u00bb animation_intensity_zoom=\u00bb5%\u00bb global_colors_info=\u00bb{}\u00bb theme_builder_area=\u00bbpost_content\u00bb][et_pb_column type=\u00bb1_4&#8243; _builder_version=\u00bb4.16&#8243; custom_padding=\u00bb|||\u00bb global_colors_info=\u00bb{}\u00bb custom_padding__hover=\u00bb|||\u00bb theme_builder_area=\u00bbpost_content\u00bb][\/et_pb_column][et_pb_column type=\u00bb1_2&#8243; _builder_version=\u00bb4.16&#8243; custom_padding=\u00bb|||\u00bb global_colors_info=\u00bb{}\u00bb custom_padding__hover=\u00bb|||\u00bb theme_builder_area=\u00bbpost_content\u00bb][et_pb_text _builder_version=\u00bb4.16&#8243; text_font=\u00bbLora||||||||\u00bb text_font_size=\u00bb18px\u00bb text_line_height=\u00bb2em\u00bb header_font=\u00bb||||||||\u00bb header_2_font=\u00bbLora|700|||||||\u00bb header_2_font_size=\u00bb50px\u00bb header_2_line_height=\u00bb1.5em\u00bb header_5_font=\u00bbOswald|||on|||||\u00bb header_5_text_color=\u00bbrgba(255,255,255,0.4)\u00bb header_5_font_size=\u00bb20px\u00bb header_5_letter_spacing=\u00bb3px\u00bb header_5_line_height=\u00bb1.7em\u00bb text_orientation=\u00bbcenter\u00bb background_layout=\u00bbdark\u00bb max_width=\u00bb750px\u00bb module_alignment=\u00bbcenter\u00bb custom_padding=\u00bb|||\u00bb text_line_height_last_edited=\u00bboff|desktop\u00bb header_2_font_size_tablet=\u00bb\u00bb header_2_font_size_phone=\u00bb36px\u00bb header_2_font_size_last_edited=\u00bbon|desktop\u00bb global_colors_info=\u00bb{}\u00bb theme_builder_area=\u00bbpost_content\u00bb]<\/p>\n<h5><\/h5>\n<h2>S\u00edguenos<\/h2>\n<p>[\/et_pb_text][et_pb_social_media_follow _builder_version=\u00bb4.27.2&#8243; background_color=\u00bb#000000&#8243; text_orientation=\u00bbcenter\u00bb custom_margin=\u00bb19px||0px||false|false\u00bb global_colors_info=\u00bb{}\u00bb theme_builder_area=\u00bbpost_content\u00bb][et_pb_social_media_follow_network social_network=\u00bbfacebook\u00bb url=\u00bbhttps:\/\/web.facebook.com\/RedVeganasAntiespecistas\/?ref=page_internal\u00bb _builder_version=\u00bb4.20.2&#8243; background_color=\u00bbrgba(255,255,255,0.1)\u00bb custom_margin=\u00bb|10px||10px\u00bb custom_padding=\u00bb20px|20px|20px|20px\u00bb border_radii=\u00bbon|50px|50px|50px|50px\u00bb global_colors_info=\u00bb{}\u00bb follow_button=\u00bboff\u00bb url_new_window=\u00bbon\u00bb theme_builder_area=\u00bbpost_content\u00bb]facebook[\/et_pb_social_media_follow_network][et_pb_social_media_follow_network social_network=\u00bbtwitter\u00bb url=\u00bbhttps:\/\/x.com\/RedVeganasenX\u00bb _builder_version=\u00bb4.27.2&#8243; background_color=\u00bbrgba(255,255,255,0.1)\u00bb custom_margin=\u00bb|10px||10px\u00bb custom_padding=\u00bb20px|20px|20px|20px\u00bb border_radii=\u00bbon|50px|50px|50px|50px\u00bb global_colors_info=\u00bb{}\u00bb follow_button=\u00bboff\u00bb url_new_window=\u00bbon\u00bb theme_builder_area=\u00bbpost_content\u00bb]twitter[\/et_pb_social_media_follow_network][et_pb_social_media_follow_network social_network=\u00bbinstagram\u00bb url=\u00bbhttps:\/\/www.instagram.com\/redveganasantiespecistas\/?hl=es-la\u00bb _builder_version=\u00bb4.20.2&#8243; background_color=\u00bbrgba(255,255,255,0.1)\u00bb custom_margin=\u00bb|10px||10px\u00bb custom_padding=\u00bb20px|20px|20px|20px\u00bb border_radii=\u00bbon|50px|50px|50px|50px\u00bb global_colors_info=\u00bb{}\u00bb follow_button=\u00bboff\u00bb url_new_window=\u00bbon\u00bb theme_builder_area=\u00bbpost_content\u00bb]instagram[\/et_pb_social_media_follow_network][et_pb_social_media_follow_network social_network=\u00bbyoutube\u00bb url=\u00bbhttps:\/\/www.youtube.com\/@RedVeganasAntiespecistas\/videos\u00bb _builder_version=\u00bb4.27.2&#8243; background_color=\u00bbrgba(255,255,255,0.1)\u00bb background_enable_color=\u00bbon\u00bb custom_margin=\u00bb|10px||10px\u00bb custom_padding=\u00bb20px|20px|20px|20px\u00bb border_radii=\u00bbon|50px|50px|50px|50px\u00bb global_colors_info=\u00bb{}\u00bb follow_button=\u00bboff\u00bb url_new_window=\u00bbon\u00bb theme_builder_area=\u00bbpost_content\u00bb]youtube[\/et_pb_social_media_follow_network][\/et_pb_social_media_follow][\/et_pb_column][et_pb_column type=\u00bb1_4&#8243; _builder_version=\u00bb4.16&#8243; custom_padding=\u00bb|||\u00bb global_colors_info=\u00bb{}\u00bb custom_padding__hover=\u00bb|||\u00bb theme_builder_area=\u00bbpost_content\u00bb][\/et_pb_column][\/et_pb_row][\/et_pb_section]<\/p>\n","protected":false},"excerpt":{"rendered":"<p>NOSOTRAS Somos mujeres de distintos puntos del continente americano y con diversas formaciones, saberes y talentos, trabajando juntas para acabar con el especismo.nuestros Valores Respeto, solidaridad, sororidad, justicia, libertad, empoderamiento, paciencia, compasi\u00f3n, autocuidado, reflexi\u00f3n, feminismo, colectividad, interseccionalidad, rebeld\u00eda y amor.\u00a0nuestros Objetivosantiespecistas en M\u00e9xico y el mundo.por medio de todas las acciones que seamos capaces de [&hellip;]<\/p>\n","protected":false},"author":1,"featured_media":0,"parent":0,"menu_order":0,"comment_status":"closed","ping_status":"closed","template":"","meta":{"_et_pb_use_builder":"on","_et_pb_old_content":"<!-- wp:paragraph {\"backgroundColor\":\"black\",\"textColor\":\"white\",\"fontSize\":\"medium\"} -->\n<p class=\"has-white-color has-black-background-color has-text-color has-background has-medium-font-size\">Mujeres de distintos puntos del continente americano trabajando juntas para acabar con el especismo.<\/p>\n<!-- \/wp:paragraph -->\n\n<!-- wp:image {\"id\":69,\"sizeSlug\":\"full\",\"linkDestination\":\"none\"} -->\n<figure class=\"wp-block-image size-full\"><img src=\"https:\/\/redveganasantiespecistas.com\/wp-content\/uploads\/2023\/02\/LIBERACION.png\" alt=\"\" class=\"wp-image-69\"\/><\/figure>\n<!-- \/wp:image -->","_et_gb_content_width":"","footnotes":""},"class_list":["post-21","page","type-page","status-publish","hentry"],"yoast_head":"<!-- This site is optimized with the Yoast SEO plugin v27.4 - https:\/\/yoast.com\/product\/yoast-seo-wordpress\/ -->\n<title>Nosotras - redveganasantiespecistas.com<\/title>\n<meta name=\"robots\" content=\"index, follow, max-snippet:-1, max-image-preview:large, max-video-preview:-1\" \/>\n<link rel=\"canonical\" href=\"https:\/\/redveganasantiespecistas.com\/index.php\/nosotras-2\/\" \/>\n<meta property=\"og:locale\" content=\"es_ES\" \/>\n<meta property=\"og:type\" content=\"article\" \/>\n<meta property=\"og:title\" content=\"Nosotras - redveganasantiespecistas.com\" \/>\n<meta property=\"og:description\" content=\"NOSOTRAS Somos mujeres de distintos puntos del continente americano y con diversas formaciones, saberes y talentos, trabajando juntas para acabar con el especismo.nuestros Valores Respeto, solidaridad, sororidad, justicia, libertad, empoderamiento, paciencia, compasi\u00f3n, autocuidado, reflexi\u00f3n, feminismo, colectividad, interseccionalidad, rebeld\u00eda y amor.\u00a0nuestros Objetivosantiespecistas en M\u00e9xico y el mundo.por medio de todas las acciones que seamos capaces de [&hellip;]\" \/>\n<meta property=\"og:url\" content=\"https:\/\/redveganasantiespecistas.com\/index.php\/nosotras-2\/\" \/>\n<meta property=\"og:site_name\" content=\"redveganasantiespecistas.com\" \/>\n<meta property=\"article:modified_time\" content=\"2025-05-09T15:32:10+00:00\" \/>\n<meta name=\"twitter:card\" content=\"summary_large_image\" \/>\n<meta name=\"twitter:label1\" content=\"Tiempo de lectura\" \/>\n\t<meta name=\"twitter:data1\" content=\"10 minutos\" \/>\n<script type=\"application\/ld+json\" class=\"yoast-schema-graph\">{\"@context\":\"https:\\\/\\\/schema.org\",\"@graph\":[{\"@type\":\"WebPage\",\"@id\":\"https:\\\/\\\/redveganasantiespecistas.com\\\/index.php\\\/nosotras-2\\\/\",\"url\":\"https:\\\/\\\/redveganasantiespecistas.com\\\/index.php\\\/nosotras-2\\\/\",\"name\":\"Nosotras - redveganasantiespecistas.com\",\"isPartOf\":{\"@id\":\"https:\\\/\\\/redveganasantiespecistas.com\\\/#website\"},\"datePublished\":\"2023-01-30T21:54:01+00:00\",\"dateModified\":\"2025-05-09T15:32:10+00:00\",\"breadcrumb\":{\"@id\":\"https:\\\/\\\/redveganasantiespecistas.com\\\/index.php\\\/nosotras-2\\\/#breadcrumb\"},\"inLanguage\":\"es\",\"potentialAction\":[{\"@type\":\"ReadAction\",\"target\":[\"https:\\\/\\\/redveganasantiespecistas.com\\\/index.php\\\/nosotras-2\\\/\"]}]},{\"@type\":\"BreadcrumbList\",\"@id\":\"https:\\\/\\\/redveganasantiespecistas.com\\\/index.php\\\/nosotras-2\\\/#breadcrumb\",\"itemListElement\":[{\"@type\":\"ListItem\",\"position\":1,\"name\":\"Inicio\",\"item\":\"https:\\\/\\\/redveganasantiespecistas.com\\\/\"},{\"@type\":\"ListItem\",\"position\":2,\"name\":\"Nosotras\"}]},{\"@type\":\"WebSite\",\"@id\":\"https:\\\/\\\/redveganasantiespecistas.com\\\/#website\",\"url\":\"https:\\\/\\\/redveganasantiespecistas.com\\\/\",\"name\":\"redveganasantiespecistas.com\",\"description\":\"Trabajamos juntas para acabar con el especismo\",\"potentialAction\":[{\"@type\":\"SearchAction\",\"target\":{\"@type\":\"EntryPoint\",\"urlTemplate\":\"https:\\\/\\\/redveganasantiespecistas.com\\\/?s={search_term_string}\"},\"query-input\":{\"@type\":\"PropertyValueSpecification\",\"valueRequired\":true,\"valueName\":\"search_term_string\"}}],\"inLanguage\":\"es\"}]}<\/script>\n<!-- \/ Yoast SEO plugin. -->","yoast_head_json":{"title":"Nosotras - redveganasantiespecistas.com","robots":{"index":"index","follow":"follow","max-snippet":"max-snippet:-1","max-image-preview":"max-image-preview:large","max-video-preview":"max-video-preview:-1"},"canonical":"https:\/\/redveganasantiespecistas.com\/index.php\/nosotras-2\/","og_locale":"es_ES","og_type":"article","og_title":"Nosotras - redveganasantiespecistas.com","og_description":"NOSOTRAS Somos mujeres de distintos puntos del continente americano y con diversas formaciones, saberes y talentos, trabajando juntas para acabar con el especismo.nuestros Valores Respeto, solidaridad, sororidad, justicia, libertad, empoderamiento, paciencia, compasi\u00f3n, autocuidado, reflexi\u00f3n, feminismo, colectividad, interseccionalidad, rebeld\u00eda y amor.\u00a0nuestros Objetivosantiespecistas en M\u00e9xico y el mundo.por medio de todas las acciones que seamos capaces de [&hellip;]","og_url":"https:\/\/redveganasantiespecistas.com\/index.php\/nosotras-2\/","og_site_name":"redveganasantiespecistas.com","article_modified_time":"2025-05-09T15:32:10+00:00","twitter_card":"summary_large_image","twitter_misc":{"Tiempo de lectura":"10 minutos"},"schema":{"@context":"https:\/\/schema.org","@graph":[{"@type":"WebPage","@id":"https:\/\/redveganasantiespecistas.com\/index.php\/nosotras-2\/","url":"https:\/\/redveganasantiespecistas.com\/index.php\/nosotras-2\/","name":"Nosotras - redveganasantiespecistas.com","isPartOf":{"@id":"https:\/\/redveganasantiespecistas.com\/#website"},"datePublished":"2023-01-30T21:54:01+00:00","dateModified":"2025-05-09T15:32:10+00:00","breadcrumb":{"@id":"https:\/\/redveganasantiespecistas.com\/index.php\/nosotras-2\/#breadcrumb"},"inLanguage":"es","potentialAction":[{"@type":"ReadAction","target":["https:\/\/redveganasantiespecistas.com\/index.php\/nosotras-2\/"]}]},{"@type":"BreadcrumbList","@id":"https:\/\/redveganasantiespecistas.com\/index.php\/nosotras-2\/#breadcrumb","itemListElement":[{"@type":"ListItem","position":1,"name":"Inicio","item":"https:\/\/redveganasantiespecistas.com\/"},{"@type":"ListItem","position":2,"name":"Nosotras"}]},{"@type":"WebSite","@id":"https:\/\/redveganasantiespecistas.com\/#website","url":"https:\/\/redveganasantiespecistas.com\/","name":"redveganasantiespecistas.com","description":"Trabajamos juntas para acabar con el especismo","potentialAction":[{"@type":"SearchAction","target":{"@type":"EntryPoint","urlTemplate":"https:\/\/redveganasantiespecistas.com\/?s={search_term_string}"},"query-input":{"@type":"PropertyValueSpecification","valueRequired":true,"valueName":"search_term_string"}}],"inLanguage":"es"}]}},"_links":{"self":[{"href":"https:\/\/redveganasantiespecistas.com\/index.php\/wp-json\/wp\/v2\/pages\/21","targetHints":{"allow":["GET"]}}],"collection":[{"href":"https:\/\/redveganasantiespecistas.com\/index.php\/wp-json\/wp\/v2\/pages"}],"about":[{"href":"https:\/\/redveganasantiespecistas.com\/index.php\/wp-json\/wp\/v2\/types\/page"}],"author":[{"embeddable":true,"href":"https:\/\/redveganasantiespecistas.com\/index.php\/wp-json\/wp\/v2\/users\/1"}],"replies":[{"embeddable":true,"href":"https:\/\/redveganasantiespecistas.com\/index.php\/wp-json\/wp\/v2\/comments?post=21"}],"version-history":[{"count":26,"href":"https:\/\/redveganasantiespecistas.com\/index.php\/wp-json\/wp\/v2\/pages\/21\/revisions"}],"predecessor-version":[{"id":2094,"href":"https:\/\/redveganasantiespecistas.com\/index.php\/wp-json\/wp\/v2\/pages\/21\/revisions\/2094"}],"wp:attachment":[{"href":"https:\/\/redveganasantiespecistas.com\/index.php\/wp-json\/wp\/v2\/media?parent=21"}],"curies":[{"name":"wp","href":"https:\/\/api.w.org\/{rel}","templated":true}]}}